{"id":1173,"date":"2022-04-27T17:44:52","date_gmt":"2022-04-27T15:44:52","guid":{"rendered":"https:\/\/diequadrate.de\/kvp-shop\/produkt\/gitterwagen-werkstueckwagen-l1200\/"},"modified":"2022-07-12T20:19:04","modified_gmt":"2022-07-12T18:19:04","slug":"gitterwagen-werkstueckwagen-l1200","status":"publish","type":"product","link":"https:\/\/diequadrate.de\/kvp-shop\/produkt\/gitterwagen-werkstueckwagen-l1200\/","title":{"rendered":"Gitterwagen Werkst\u00fcckwagen (L1200)"},"content":{"rendered":"<p>&nbsp;<\/p>\n<p style=\"text-align: left\">f\u00fcr den innerbetrieblichen Transport oder als Kommissionierwagen geeignet!<br \/>\nMit 2 Lenkrollen und zwei Bockrollen, sowie ergonomisch angebrachtem Ziehgriff.<br \/>\nBeidseitige Best\u00fcckung m\u00f6glich!<\/p>\n<p style=\"text-align: left\">Erweiterbar mit vielf\u00e4ltigem Zubeh\u00f6r, wie Werkzeugtr\u00e4gern f\u00fcr CNC-Werkzeuge, Schreibablage,<br \/>\nEinh\u00e4nge-Boxen in verschiedenen Breiten und Lochplatte f\u00fcr Handwerkzeuge und Dokumentation.<\/p>\n<p style=\"text-align: left\">Die pulverbeschichteten Seitenblenden sorgen f\u00fcr mehr Sicherheit durch die Vermeidung von<br \/>\n&#8222;Stolperfallen&#8220; und sorgen f\u00fcr ein aufger\u00e4umtes Erscheinungsbild. Seitliche Aluminiumprofile erlauben<br \/>\ndie vertikale Anbringung von Konstruktionen durch Nutensteine.<\/p>\n<p style=\"text-align: left\">Auf Anfrage lassen sich die farbigen Komponenten im RAL Farbsystem auf Ihr Firmenerscheinungsbild anpassen.<\/p>\n<p style=\"text-align: left\">Anmerkung: * ggf. abgebildetes Zubeh\u00f6r ist nicht im Lieferumfang enthalten!<\/p>\n<p style=\"text-align: left\"><a href=\"https:\/\/diequadrate.de\/kvp-shop\/produkt-kategorie\/transportwagen\/gitterwagen-zubehoer\/\">ZUM ZUBEH\u00d6R!<\/a><\/p>\n","protected":false},"excerpt":{"rendered":"<p id=\"product_condition\">B: 1200mm x T: 700mm x H: 1600mm,<\/p>\n<div id=\"short_description_block\">\n<div id=\"short_description_content\" class=\"rte align_justify\">\n<p>frei konfigurierbar durch verschiedenes Zubeh\u00f6r,<br \/>\nauch als mobiler Arbeitsplatz geeignet.<\/p>\n<p>kundenindividuelle Farbanpassung auf Anfrage.<\/p>\n<\/div>\n<\/div>\n","protected":false},"featured_media":1175,"template":"","meta":{"content-type":""},"product_brand":[],"product_cat":[67],"product_tag":[127,141],"class_list":{"0":"post-1173","1":"product","2":"type-product","3":"status-publish","4":"has-post-thumbnail","6":"product_cat-gitterwagen","7":"product_tag-schreibablage","8":"product_tag-schuette","10":"first","11":"instock","12":"purchasable","13":"product-type-simple"},"yoast_head":"<!-- This site is optimized with the Yoast SEO Premium plugin v25.3 (Yoast SEO v27.5) - https:\/\/yoast.com\/product\/yoast-seo-premium-wordpress\/ -->\n<title>Gitterwagen Werkst\u00fcckwagen (L1200) - KVP-Onlineshop<\/title>\n<meta name=\"description\" content=\"f\u00fcr den innerbetrieblichen Transport von Werkst\u00fccken Werkzeugen-B120xT70\" \/>\n<meta name=\"robots\" content=\"index, follow, max-snippet:-1, max-image-preview:large, max-video-preview:-1\" \/>\n<link rel=\"canonical\" href=\"https:\/\/diequadrate.de\/kvp-shop\/produkt\/gitterwagen-werkstueckwagen-l1200\/\" \/>\n<meta property=\"og:locale\" content=\"de_DE\" \/>\n<meta property=\"og:type\" content=\"article\" \/>\n<meta property=\"og:title\" content=\"Gitterwagen Werkst\u00fcckwagen (L1200)\" \/>\n<meta property=\"og:description\" content=\"f\u00fcr den innerbetrieblichen Transport von Werkst\u00fccken Werkzeugen-B120xT70\" \/>\n<meta property=\"og:url\" content=\"https:\/\/diequadrate.de\/kvp-shop\/produkt\/gitterwagen-werkstueckwagen-l1200\/\" \/>\n<meta property=\"og:site_name\" content=\"KVP-Onlineshop\" \/>\n<meta property=\"article:modified_time\" content=\"2022-07-12T18:19:04+00:00\" \/>\n<meta property=\"og:image\" content=\"https:\/\/diequadrate.de\/kvp-shop\/wp-content\/uploads\/sites\/6\/2022\/04\/gitterwagen-werkstuckwagen-l1200.jpg\" \/>\n\t<meta property=\"og:image:width\" content=\"800\" \/>\n\t<meta property=\"og:image:height\" content=\"800\" \/>\n\t<meta property=\"og:image:type\" content=\"image\/jpeg\" \/>\n<meta name=\"twitter:card\" content=\"summary_large_image\" \/>\n<meta name=\"twitter:label1\" content=\"Gesch\u00e4tzte Lesezeit\" \/>\n\t<meta name=\"twitter:data1\" content=\"1\u00a0Minute\" \/>\n<script type=\"application\/ld+json\" class=\"yoast-schema-graph\">{\"@context\":\"https:\\\/\\\/schema.org\",\"@graph\":[{\"@type\":\"WebPage\",\"@id\":\"https:\\\/\\\/diequadrate.de\\\/kvp-shop\\\/produkt\\\/gitterwagen-werkstueckwagen-l1200\\\/\",\"url\":\"https:\\\/\\\/diequadrate.de\\\/kvp-shop\\\/produkt\\\/gitterwagen-werkstueckwagen-l1200\\\/\",\"name\":\"Gitterwagen Werkst\u00fcckwagen (L1200) - KVP-Onlineshop\",\"isPartOf\":{\"@id\":\"https:\\\/\\\/diequadrate.de\\\/kvp-shop\\\/#website\"},\"primaryImageOfPage\":{\"@id\":\"https:\\\/\\\/diequadrate.de\\\/kvp-shop\\\/produkt\\\/gitterwagen-werkstueckwagen-l1200\\\/#primaryimage\"},\"image\":{\"@id\":\"https:\\\/\\\/diequadrate.de\\\/kvp-shop\\\/produkt\\\/gitterwagen-werkstueckwagen-l1200\\\/#primaryimage\"},\"thumbnailUrl\":\"https:\\\/\\\/diequadrate.de\\\/kvp-shop\\\/wp-content\\\/uploads\\\/sites\\\/6\\\/2022\\\/04\\\/gitterwagen-werkstuckwagen-l1200.jpg\",\"datePublished\":\"2022-04-27T15:44:52+00:00\",\"dateModified\":\"2022-07-12T18:19:04+00:00\",\"description\":\"f\u00fcr den innerbetrieblichen Transport von Werkst\u00fccken Werkzeugen-B120xT70\",\"breadcrumb\":{\"@id\":\"https:\\\/\\\/diequadrate.de\\\/kvp-shop\\\/produkt\\\/gitterwagen-werkstueckwagen-l1200\\\/#breadcrumb\"},\"inLanguage\":\"de\",\"potentialAction\":[{\"@type\":\"ReadAction\",\"target\":[\"https:\\\/\\\/diequadrate.de\\\/kvp-shop\\\/produkt\\\/gitterwagen-werkstueckwagen-l1200\\\/\"]}]},{\"@type\":\"ImageObject\",\"inLanguage\":\"de\",\"@id\":\"https:\\\/\\\/diequadrate.de\\\/kvp-shop\\\/produkt\\\/gitterwagen-werkstueckwagen-l1200\\\/#primaryimage\",\"url\":\"https:\\\/\\\/diequadrate.de\\\/kvp-shop\\\/wp-content\\\/uploads\\\/sites\\\/6\\\/2022\\\/04\\\/gitterwagen-werkstuckwagen-l1200.jpg\",\"contentUrl\":\"https:\\\/\\\/diequadrate.de\\\/kvp-shop\\\/wp-content\\\/uploads\\\/sites\\\/6\\\/2022\\\/04\\\/gitterwagen-werkstuckwagen-l1200.jpg\",\"width\":800,\"height\":800},{\"@type\":\"BreadcrumbList\",\"@id\":\"https:\\\/\\\/diequadrate.de\\\/kvp-shop\\\/produkt\\\/gitterwagen-werkstueckwagen-l1200\\\/#breadcrumb\",\"itemListElement\":[{\"@type\":\"ListItem\",\"position\":1,\"name\":\"Startseite\",\"item\":\"https:\\\/\\\/diequadrate.de\\\/kvp-shop\\\/\"},{\"@type\":\"ListItem\",\"position\":2,\"name\":\"KVP-SHOP\",\"item\":\"https:\\\/\\\/diequadrate.de\\\/kvp-shop\\\/shop\\\/\"},{\"@type\":\"ListItem\",\"position\":3,\"name\":\"Gitterwagen Werkst\u00fcckwagen (L1200)\"}]},{\"@type\":\"WebSite\",\"@id\":\"https:\\\/\\\/diequadrate.de\\\/kvp-shop\\\/#website\",\"url\":\"https:\\\/\\\/diequadrate.de\\\/kvp-shop\\\/\",\"name\":\"KVP-Onlineshop\",\"description\":\"das Onlineportal der V\u00b2 Vorentwicklung &amp; Vertrieb GmbH\",\"publisher\":{\"@id\":\"https:\\\/\\\/diequadrate.de\\\/kvp-shop\\\/#organization\"},\"potentialAction\":[{\"@type\":\"SearchAction\",\"target\":{\"@type\":\"EntryPoint\",\"urlTemplate\":\"https:\\\/\\\/diequadrate.de\\\/kvp-shop\\\/?s={search_term_string}\"},\"query-input\":{\"@type\":\"PropertyValueSpecification\",\"valueRequired\":true,\"valueName\":\"search_term_string\"}}],\"inLanguage\":\"de\"},{\"@type\":\"Organization\",\"@id\":\"https:\\\/\\\/diequadrate.de\\\/kvp-shop\\\/#organization\",\"name\":\"KVP-Onlineshop\",\"url\":\"https:\\\/\\\/diequadrate.de\\\/kvp-shop\\\/\",\"logo\":{\"@type\":\"ImageObject\",\"inLanguage\":\"de\",\"@id\":\"https:\\\/\\\/diequadrate.de\\\/kvp-shop\\\/#\\\/schema\\\/logo\\\/image\\\/\",\"url\":\"https:\\\/\\\/diequadrate.de\\\/kvp-shop\\\/wp-content\\\/uploads\\\/sites\\\/6\\\/2022\\\/05\\\/kvp-shop_75prozent_s_2022-1.svg\",\"contentUrl\":\"https:\\\/\\\/diequadrate.de\\\/kvp-shop\\\/wp-content\\\/uploads\\\/sites\\\/6\\\/2022\\\/05\\\/kvp-shop_75prozent_s_2022-1.svg\",\"width\":358,\"height\":224,\"caption\":\"KVP-Onlineshop\"},\"image\":{\"@id\":\"https:\\\/\\\/diequadrate.de\\\/kvp-shop\\\/#\\\/schema\\\/logo\\\/image\\\/\"}}]}<\/script>\n<!-- \/ Yoast SEO Premium plugin. -->","yoast_head_json":{"title":"Gitterwagen Werkst\u00fcckwagen (L1200) - KVP-Onlineshop","description":"f\u00fcr den innerbetrieblichen Transport von Werkst\u00fccken Werkzeugen-B120xT70","robots":{"index":"index","follow":"follow","max-snippet":"max-snippet:-1","max-image-preview":"max-image-preview:large","max-video-preview":"max-video-preview:-1"},"canonical":"https:\/\/diequadrate.de\/kvp-shop\/produkt\/gitterwagen-werkstueckwagen-l1200\/","og_locale":"de_DE","og_type":"article","og_title":"Gitterwagen Werkst\u00fcckwagen (L1200)","og_description":"f\u00fcr den innerbetrieblichen Transport von Werkst\u00fccken Werkzeugen-B120xT70","og_url":"https:\/\/diequadrate.de\/kvp-shop\/produkt\/gitterwagen-werkstueckwagen-l1200\/","og_site_name":"KVP-Onlineshop","article_modified_time":"2022-07-12T18:19:04+00:00","og_image":[{"width":800,"height":800,"url":"https:\/\/diequadrate.de\/kvp-shop\/wp-content\/uploads\/sites\/6\/2022\/04\/gitterwagen-werkstuckwagen-l1200.jpg","type":"image\/jpeg"}],"twitter_card":"summary_large_image","twitter_misc":{"Gesch\u00e4tzte Lesezeit":"1\u00a0Minute"},"schema":{"@context":"https:\/\/schema.org","@graph":[{"@type":"WebPage","@id":"https:\/\/diequadrate.de\/kvp-shop\/produkt\/gitterwagen-werkstueckwagen-l1200\/","url":"https:\/\/diequadrate.de\/kvp-shop\/produkt\/gitterwagen-werkstueckwagen-l1200\/","name":"Gitterwagen Werkst\u00fcckwagen (L1200) - KVP-Onlineshop","isPartOf":{"@id":"https:\/\/diequadrate.de\/kvp-shop\/#website"},"primaryImageOfPage":{"@id":"https:\/\/diequadrate.de\/kvp-shop\/produkt\/gitterwagen-werkstueckwagen-l1200\/#primaryimage"},"image":{"@id":"https:\/\/diequadrate.de\/kvp-shop\/produkt\/gitterwagen-werkstueckwagen-l1200\/#primaryimage"},"thumbnailUrl":"https:\/\/diequadrate.de\/kvp-shop\/wp-content\/uploads\/sites\/6\/2022\/04\/gitterwagen-werkstuckwagen-l1200.jpg","datePublished":"2022-04-27T15:44:52+00:00","dateModified":"2022-07-12T18:19:04+00:00","description":"f\u00fcr den innerbetrieblichen Transport von Werkst\u00fccken Werkzeugen-B120xT70","breadcrumb":{"@id":"https:\/\/diequadrate.de\/kvp-shop\/produkt\/gitterwagen-werkstueckwagen-l1200\/#breadcrumb"},"inLanguage":"de","potentialAction":[{"@type":"ReadAction","target":["https:\/\/diequadrate.de\/kvp-shop\/produkt\/gitterwagen-werkstueckwagen-l1200\/"]}]},{"@type":"ImageObject","inLanguage":"de","@id":"https:\/\/diequadrate.de\/kvp-shop\/produkt\/gitterwagen-werkstueckwagen-l1200\/#primaryimage","url":"https:\/\/diequadrate.de\/kvp-shop\/wp-content\/uploads\/sites\/6\/2022\/04\/gitterwagen-werkstuckwagen-l1200.jpg","contentUrl":"https:\/\/diequadrate.de\/kvp-shop\/wp-content\/uploads\/sites\/6\/2022\/04\/gitterwagen-werkstuckwagen-l1200.jpg","width":800,"height":800},{"@type":"BreadcrumbList","@id":"https:\/\/diequadrate.de\/kvp-shop\/produkt\/gitterwagen-werkstueckwagen-l1200\/#breadcrumb","itemListElement":[{"@type":"ListItem","position":1,"name":"Startseite","item":"https:\/\/diequadrate.de\/kvp-shop\/"},{"@type":"ListItem","position":2,"name":"KVP-SHOP","item":"https:\/\/diequadrate.de\/kvp-shop\/shop\/"},{"@type":"ListItem","position":3,"name":"Gitterwagen Werkst\u00fcckwagen (L1200)"}]},{"@type":"WebSite","@id":"https:\/\/diequadrate.de\/kvp-shop\/#website","url":"https:\/\/diequadrate.de\/kvp-shop\/","name":"KVP-Onlineshop","description":"das Onlineportal der V\u00b2 Vorentwicklung &amp; Vertrieb GmbH","publisher":{"@id":"https:\/\/diequadrate.de\/kvp-shop\/#organization"},"potentialAction":[{"@type":"SearchAction","target":{"@type":"EntryPoint","urlTemplate":"https:\/\/diequadrate.de\/kvp-shop\/?s={search_term_string}"},"query-input":{"@type":"PropertyValueSpecification","valueRequired":true,"valueName":"search_term_string"}}],"inLanguage":"de"},{"@type":"Organization","@id":"https:\/\/diequadrate.de\/kvp-shop\/#organization","name":"KVP-Onlineshop","url":"https:\/\/diequadrate.de\/kvp-shop\/","logo":{"@type":"ImageObject","inLanguage":"de","@id":"https:\/\/diequadrate.de\/kvp-shop\/#\/schema\/logo\/image\/","url":"https:\/\/diequadrate.de\/kvp-shop\/wp-content\/uploads\/sites\/6\/2022\/05\/kvp-shop_75prozent_s_2022-1.svg","contentUrl":"https:\/\/diequadrate.de\/kvp-shop\/wp-content\/uploads\/sites\/6\/2022\/05\/kvp-shop_75prozent_s_2022-1.svg","width":358,"height":224,"caption":"KVP-Onlineshop"},"image":{"@id":"https:\/\/diequadrate.de\/kvp-shop\/#\/schema\/logo\/image\/"}}]}},"_links":{"self":[{"href":"https:\/\/diequadrate.de\/kvp-shop\/wp-json\/wp\/v2\/product\/1173","targetHints":{"allow":["GET"]}}],"collection":[{"href":"https:\/\/diequadrate.de\/kvp-shop\/wp-json\/wp\/v2\/product"}],"about":[{"href":"https:\/\/diequadrate.de\/kvp-shop\/wp-json\/wp\/v2\/types\/product"}],"version-history":[{"count":6,"href":"https:\/\/diequadrate.de\/kvp-shop\/wp-json\/wp\/v2\/product\/1173\/revisions"}],"predecessor-version":[{"id":2457,"href":"https:\/\/diequadrate.de\/kvp-shop\/wp-json\/wp\/v2\/product\/1173\/revisions\/2457"}],"wp:featuredmedia":[{"embeddable":true,"href":"https:\/\/diequadrate.de\/kvp-shop\/wp-json\/wp\/v2\/media\/1175"}],"wp:attachment":[{"href":"https:\/\/diequadrate.de\/kvp-shop\/wp-json\/wp\/v2\/media?parent=1173"}],"wp:term":[{"taxonomy":"product_brand","embeddable":true,"href":"https:\/\/diequadrate.de\/kvp-shop\/wp-json\/wp\/v2\/product_brand?post=1173"},{"taxonomy":"product_cat","embeddable":true,"href":"https:\/\/diequadrate.de\/kvp-shop\/wp-json\/wp\/v2\/product_cat?post=1173"},{"taxonomy":"product_tag","embeddable":true,"href":"https:\/\/diequadrate.de\/kvp-shop\/wp-json\/wp\/v2\/product_tag?post=1173"}],"curies":[{"name":"wp","href":"https:\/\/api.w.org\/{rel}","templated":true}]}}